{"id":1247,"date":"2019-01-24T15:16:12","date_gmt":"2019-01-24T15:16:12","guid":{"rendered":"https:\/\/rcsyd.se\/pecare\/?page_id=1247"},"modified":"2020-08-26T11:22:00","modified_gmt":"2020-08-26T11:22:00","slug":"axels-berattelse","status":"publish","type":"page","link":"https:\/\/rcsyd.se\/pecare\/patientinformation\/information-och-stod-fran-patientforetradare\/axels-berattelse","title":{"rendered":"Axels ber\u00e4ttelse"},"content":{"rendered":"<h1>Axels ber\u00e4ttelse<\/h1>\n<p>V\u00e5r son Axel f\u00f6ddes i januari 2014 med t\u00e4t gr\u00e5 starr p\u00e5 b\u00e5da \u00f6gonen. Det kom inte som n\u00e5gon chock \u2013 d\u00e5. Chocken kom ist\u00e4llet redan p\u00e5 ultraljudet i vecka 18, d\u00e5 l\u00e4karna p\u00e5 en direkt fr\u00e5ga av mig kunde se att linserna s\u00e5g grumliga ut.<br \/>\nJag, Axels mamma, \u00e4r sj\u00e4lv f\u00f6dd med gr\u00e5 starr och det var anledningen till att jag undrade vid ultraljudet. Jag har dock alltid f\u00e5tt h\u00f6ra att min starr inte \u00e4r \u00e4rftlig, d\u00e4rav chocken. Ibland sl\u00e4nger man ut en fr\u00e5ga, men \u00e4r inte beredd p\u00e5 svaret. Jag blev ocks\u00e5 v\u00e4ldigt ledsen, ledsen \u00f6ver att inte f\u00e5 ett friskt barn, trots sj\u00e4lv har klarat mig v\u00e4ldigt bra genom livet.<\/p>\n<p>Axel opererades vid tre veckors \u00e5lder. Eftersom hans \u00f6gon \u00e4ven var n\u00e5got sm\u00e5, det vill s\u00e4ga underutvecklade, kunde man inte operera in n\u00e5gon lins i hans \u00f6gon. Han fick ist\u00e4llet starkare kontaktlinser utanp\u00e5. Att man inte opererade in linser i hans \u00f6gon \u00e4r dock inte bara av ondo. Som jag har f\u00f6rst\u00e5tt det s\u00e5 kan komplikationer som efterstarr och gr\u00f6n starr klaras ifr\u00e5n i st\u00f6rre grad om man inte f\u00e5r linser inopererade.<\/p>\n<p>Jag och min man fick b\u00f6rja i linsins\u00e4ttningsskola p\u00e5 S:t Eriks \u00d6gonsjukhus. Det var supersv\u00e5rt, eftersom Axel hade s\u00e5 sm\u00e5 \u00f6gon.<br \/>\nN\u00e4r Axel var runt tre m\u00e5nader lyckades jag ta ut hans linser sj\u00e4lv f\u00f6r f\u00f6rsta g\u00e5ngen. Jag k\u00e4nde en enorm eufori \u00f6ver att kunna ta hand om mitt barn sj\u00e4lv. Min man blev b\u00e4st p\u00e5 att s\u00e4tta i linserna och jag b\u00e4st p\u00e5 att ta ut dem.<\/p>\n<p>I b\u00f6rjan f\u00f6ljde Axel mest ljus och tittade efter lampor, men vartefter tiden gick s\u00e5 s\u00e5g han mer och mer. N\u00e4r han var 3,5 \u00e5r opererades han f\u00f6r efterstarr p\u00e5 ett \u00f6ga och allt gick j\u00e4ttebra.<\/p>\n<p>I skrivande stund \u00e4r Axel snart fem \u00e5r och ser runt tjugo procent med linser och n\u00e5got mer med sina tjocka glas\u00f6gon som han fick vid tre \u00e5rs \u00e5lder. Han \u00e4r en glad, nyfiken och fram\u00e5t kille.<\/p>\n<p>Axel l\u00e4rde sig att g\u00e5 vid 1,5 \u00e5rs \u00e5lder. Lite sent kanske, men han l\u00e4rde sig \u00e5 andra sidan att cykla helt utan st\u00f6d \u00e5ret d\u00e4rp\u00e5 vid 2,5 \u00e5rs \u00e5lder!<\/p>\n<p>Hj\u00e4lpmedel, s\u00e5som glas\u00f6gon, kikare och f\u00f6rstoringsapparat, f\u00e5r vi genom syncentralen.<\/p>\n<p>Mitt r\u00e5d till alla er som f\u00e5tt detta sv\u00e5ra och omtumlande besked och kanske \u00e4r ledsna och oroliga: Var inte det! Allt kommer bli bra. Gl\u00e4ds \u00e5t hela ert barn. Uppmuntra ert barn till att ta f\u00f6r sig av livet och behandla det inte som handikappat, f\u00f6r det \u00e4r d\u00e5 det blir det.<\/p>\n<p>Jag \u00e4r sj\u00e4lv synskadad och f\u00e5r exempelvis inte k\u00f6ra bil, men jag ser annars inte att livet har s\u00e5 m\u00e5nga hinder. Jag arbetar som journalist, ett yrke som kanske egentligen inte borde passa en synskadad. Jag har bestigit Kilimanjaro, Afrikas h\u00f6gsta berg, och jag har backpackat jorden runt. Man klarar sig r\u00e4tt bra med mindre syn. S\u00e5 njut av er fina lilla bebis och se henne eller honom som en extra speciell g\u00e5va som bara kommer att f\u00f6ra er familj in p\u00e5 nya sp\u00e4nnande v\u00e4gar och med nya sp\u00e4nnande m\u00f6ten.<\/p>\n<p>Jag har skapat Facebookgruppen <a href=\"https:\/\/www.facebook.com\/groups\/1705514926352575\/\" target=\"_blank\" rel=\"noopener noreferrer\">Barn med medf\u00f6dd gr\u00e5 starr<\/a> som ni g\u00e4rna f\u00e5r g\u00e5 med i.<\/p>\n<p>Anna von Koch, Axels mamma, v\u00e5ren 2019<\/p>\n<h2>Kontakt<\/h2>\n<p>Telefon: 070-922 31 34<\/p>\n<figure id=\"attachment_1250\" aria-describedby=\"caption-attachment-1250\" style=\"width: 640px\" class=\"wp-caption alignleft\"><a href=\"https:\/\/rcsyd.se\/pecare\/wp-content\/uploads\/sites\/8\/2019\/01\/Axel-von-Koch.jpg\"><img loading=\"lazy\" decoding=\"async\" class=\"size-large wp-image-1250\" src=\"https:\/\/rcsyd.se\/pecare\/wp-content\/uploads\/sites\/8\/2019\/01\/Axel-von-Koch-1024x768.jpg\" alt=\"Axel von Koch ler och leker i en h\u00f6g av h\u00f6stl\u00f6v. P\u00e5 sig har han en r\u00f6dgr\u00e5 m\u00f6ssa, glas\u00f6gon och bl\u00e5gr\u00f6n jacka.\" width=\"640\" height=\"480\" srcset=\"https:\/\/rcsyd.se\/pecare\/wp-content\/uploads\/sites\/8\/2019\/01\/Axel-von-Koch-1024x768.jpg 1024w, https:\/\/rcsyd.se\/pecare\/wp-content\/uploads\/sites\/8\/2019\/01\/Axel-von-Koch-300x225.jpg 300w, https:\/\/rcsyd.se\/pecare\/wp-content\/uploads\/sites\/8\/2019\/01\/Axel-von-Koch-768x576.jpg 768w\" sizes=\"(max-width: 640px) 100vw, 640px\" \/><\/a><figcaption id=\"caption-attachment-1250\" class=\"wp-caption-text\">Axel von Koch<\/figcaption><\/figure>\n","protected":false},"excerpt":{"rendered":"<p>Axels ber\u00e4ttelse V\u00e5r son Axel f\u00f6ddes i januari 2014 med t\u00e4t gr\u00e5 starr p\u00e5 b\u00e5da \u00f6gonen. Det kom inte som n\u00e5gon chock \u2013 d\u00e5. Chocken kom ist\u00e4llet redan p\u00e5 ultraljudet i vecka 18, d\u00e5 l\u00e4karna p\u00e5 en direkt fr\u00e5ga av mig kunde se att linserna s\u00e5g grumliga ut. Jag, Axels mamma, \u00e4r sj\u00e4lv f\u00f6dd med&#8230; <a class=\"read-more\" href=\"https:\/\/rcsyd.se\/pecare\/patientinformation\/information-och-stod-fran-patientforetradare\/axels-berattelse\">L\u00e4s mer<\/a><\/p>\n","protected":false},"author":3,"featured_media":0,"parent":1240,"menu_order":0,"comment_status":"closed","ping_status":"closed","template":"","meta":{"_acf_changed":false,"footnotes":""},"acf":[],"_links":{"self":[{"href":"https:\/\/rcsyd.se\/pecare\/wp-json\/wp\/v2\/pages\/1247"}],"collection":[{"href":"https:\/\/rcsyd.se\/pecare\/wp-json\/wp\/v2\/pages"}],"about":[{"href":"https:\/\/rcsyd.se\/pecare\/wp-json\/wp\/v2\/types\/page"}],"author":[{"embeddable":true,"href":"https:\/\/rcsyd.se\/pecare\/wp-json\/wp\/v2\/users\/3"}],"replies":[{"embeddable":true,"href":"https:\/\/rcsyd.se\/pecare\/wp-json\/wp\/v2\/comments?post=1247"}],"version-history":[{"count":13,"href":"https:\/\/rcsyd.se\/pecare\/wp-json\/wp\/v2\/pages\/1247\/revisions"}],"predecessor-version":[{"id":1404,"href":"https:\/\/rcsyd.se\/pecare\/wp-json\/wp\/v2\/pages\/1247\/revisions\/1404"}],"up":[{"embeddable":true,"href":"https:\/\/rcsyd.se\/pecare\/wp-json\/wp\/v2\/pages\/1240"}],"wp:attachment":[{"href":"https:\/\/rcsyd.se\/pecare\/wp-json\/wp\/v2\/media?parent=1247"}],"curies":[{"name":"wp","href":"https:\/\/api.w.org\/{rel}","templated":true}]}}