{"id":1081,"date":"2018-05-07T08:39:21","date_gmt":"2018-05-07T08:39:21","guid":{"rendered":"https:\/\/rcsyd.se\/pecare\/?page_id=1081"},"modified":"2020-08-26T14:17:00","modified_gmt":"2020-08-26T14:17:00","slug":"om-medfodd-gra-starr","status":"publish","type":"page","link":"https:\/\/rcsyd.se\/pecare\/patientinformation\/om-medfodd-gra-starr","title":{"rendered":"Om medf\u00f6dd gr\u00e5 starr"},"content":{"rendered":"<h1>Om medf\u00f6dd gr\u00e5 starr<\/h1>\n<h2>\u00d6gat och den normala synutvecklingen<\/h2>\n<p>N\u00e4r ljuset kommer in i \u00f6gat passerar det genom hornhinna, pupill och lins och d\u00e4refter genom den genomskinliga glaskroppen fram till n\u00e4thinnan d\u00e4r det skapas en bild. Bilden f\u00f6rs vidare till hj\u00e4rnan via synnerven. F\u00f6r att bilden ska vara av god kvalitet f\u00e5r inga grumlingar p\u00e5 ljusets v\u00e4g in finnas och ej heller stora brytningsfel.<br \/>\nNyf\u00f6dda barn har l\u00e5g synsk\u00e4rpa och ser i b\u00f6rjan bara konturer. Synen utvecklas sedan successivt under de f\u00f6rsta levnads\u00e5ren och \u00e4r mogen vid 8\u201310 \u00e5rs \u00e5lder. Denna utveckling \u00e4r helt beroende av att synintryck \u00e4r normala och perioden \u00e4r d\u00e4rf\u00f6r k\u00e4nslig f\u00f6r synens utveckling och\u00a0k\u00e4nsligare ju yngre barnet \u00e4r.<\/p>\n<h2>Kongenital katarakt \u2013 medf\u00f6dd gr\u00e5 starr<\/h2>\n<p>Katarakt, eller gr\u00e5 starr, \u00e4r en mycket vanlig sjukdom hos den \u00e4ldre befolkningen. Den inneb\u00e4r att \u00f6gats lins gradvis grumlas s\u00e5 att synen blir alltmer oskarp. Kongenital katarakt, medf\u00f6dd gr\u00e5 starr, inneb\u00e4r att \u00f6gats lins \u00e4r grumlig redan vid f\u00f6dseln. Detta kan uppst\u00e5 p\u00e5 ena eller b\u00e5da \u00f6gonen. Graden av grumling kan variera fr\u00e5n en liten prick i utkanten av linsen till en helt grumlad lins, s\u00e5 kallad total katarakt. En helt grumlig lins g\u00f6r att \u00f6gat inte kan se medan en liten grumling inte beh\u00f6ver p\u00e5verka synen.<\/p>\n<p>I Sverige f\u00f6ds cirka 40 barn med katarakt per \u00e5r, varav ungef\u00e4r h\u00e4lften beh\u00f6ver opereras. I h\u00e4lften av alla fall vet man inte varf\u00f6r barnet f\u00e5r denna sjukdom, men ibland \u00e4r den \u00e4rftligt betingad. Andra orsaker kan vara infektion hos modern under graviditeten eller kromosomavvikelser som till exempel Downs syndrom.<\/p>\n<h2>Diagnostik av medf\u00f6dd gr\u00e5 starr hos barn i Sverige<\/h2>\n<p>Nyf\u00f6dda barn kontrolleras i Sverige p\u00e5 f\u00f6rslossningsavdelningen avseende medf\u00f6dd gr\u00e5 starr genom att man lyser med en ljusk\u00e4lla i barnets pupill och s\u00f6ker efter en r\u00f6d reflex fr\u00e5n n\u00e4thinnan. Unders\u00f6kningen i fr\u00e5ga visar r\u00f6da \u00f6gon p\u00e5 samma s\u00e4tt som n\u00e4r ett fotografi med blixt tas och personerna p\u00e5 bilderna f\u00e5r r\u00f6da \u00f6gon.<\/p>\n<p>Ett nyf\u00f6tt barn har normalt f\u00f6rm\u00e5ga att fixera blicken korta stunder. Of\u00f6rm\u00e5ga till blickkontakt eller \u00f6gondarr, s\u00e5 kallad nystagmus, kan vara tecken p\u00e5 d\u00e5lig syn som b\u00f6r kontrolleras av l\u00e4kare.<br \/>\nHos det nyf\u00f6dda barnet med total katarakt kan man ibland se en gr\u00e5 lins med blotta \u00f6gat.<\/p>\n","protected":false},"excerpt":{"rendered":"<p>Om medf\u00f6dd gr\u00e5 starr \u00d6gat och den normala synutvecklingen N\u00e4r ljuset kommer in i \u00f6gat passerar det genom hornhinna, pupill och lins och d\u00e4refter genom den genomskinliga glaskroppen fram till n\u00e4thinnan d\u00e4r det skapas en bild. Bilden f\u00f6rs vidare till hj\u00e4rnan via synnerven. F\u00f6r att bilden ska vara av god kvalitet f\u00e5r inga grumlingar p\u00e5&#8230; <a class=\"read-more\" href=\"https:\/\/rcsyd.se\/pecare\/patientinformation\/om-medfodd-gra-starr\">L\u00e4s mer<\/a><\/p>\n","protected":false},"author":3,"featured_media":0,"parent":548,"menu_order":0,"comment_status":"closed","ping_status":"closed","template":"","meta":{"_acf_changed":false,"footnotes":""},"acf":[],"_links":{"self":[{"href":"https:\/\/rcsyd.se\/pecare\/wp-json\/wp\/v2\/pages\/1081"}],"collection":[{"href":"https:\/\/rcsyd.se\/pecare\/wp-json\/wp\/v2\/pages"}],"about":[{"href":"https:\/\/rcsyd.se\/pecare\/wp-json\/wp\/v2\/types\/page"}],"author":[{"embeddable":true,"href":"https:\/\/rcsyd.se\/pecare\/wp-json\/wp\/v2\/users\/3"}],"replies":[{"embeddable":true,"href":"https:\/\/rcsyd.se\/pecare\/wp-json\/wp\/v2\/comments?post=1081"}],"version-history":[{"count":4,"href":"https:\/\/rcsyd.se\/pecare\/wp-json\/wp\/v2\/pages\/1081\/revisions"}],"predecessor-version":[{"id":1420,"href":"https:\/\/rcsyd.se\/pecare\/wp-json\/wp\/v2\/pages\/1081\/revisions\/1420"}],"up":[{"embeddable":true,"href":"https:\/\/rcsyd.se\/pecare\/wp-json\/wp\/v2\/pages\/548"}],"wp:attachment":[{"href":"https:\/\/rcsyd.se\/pecare\/wp-json\/wp\/v2\/media?parent=1081"}],"curies":[{"name":"wp","href":"https:\/\/api.w.org\/{rel}","templated":true}]}}