{"id":4450,"date":"2026-02-01T07:51:09","date_gmt":"2026-02-01T07:51:09","guid":{"rendered":"https:\/\/rcsyd.se\/hakir\/?page_id=4450"},"modified":"2026-03-30T12:00:06","modified_gmt":"2026-03-30T12:00:06","slug":"rehabiliteringsprogram","status":"publish","type":"page","link":"https:\/\/rcsyd.se\/hakir\/registrering\/nationella-matmanualer-och-rehabiliteringsdokument\/rehabiliteringsprogram","title":{"rendered":"Rehabiliteringsprogram"},"content":{"rendered":"<h1>Rehabiliteringsprogram<\/h1>\n<p>P\u00e5 denna sida samlar vi alla deltagande enheters aktuella rehabiliteringsprogram f\u00f6r ut\u00f6kade diagnoser.<\/p>\n<h2>Inventering av rehabiliteringsprogram<\/h2>\n<p>F\u00f6r att kunna hj\u00e4lpas \u00e5t i arbetet med framtagandet av rehabiliteringsprogram har vi gjort en inventering av vilka rehabiliteringsprogram som respektive enhet har idag. Inventeringen revideras kontinuerligt.<\/p>\n<p><a href=\"https:\/\/rcsyd.se\/hakir\/wp-content\/uploads\/sites\/23\/2026\/02\/Inventering-Rehabiliteringsprogram-handkirurgi.pdf\" target=\"_blank\" rel=\"noopener\">Klicka h\u00e4r f\u00f6r att ladda ner dokumentet<\/a> (PDF-format, 313 kB).<\/p>\n<h2>Mall f\u00f6r rehabiliteringsprogram<\/h2>\n<p>Den nationella Rehabgruppen har tagit fram en gemensam mall f\u00f6r rehabiliteringsprogram.<\/p>\n<p><a href=\"https:\/\/rcsyd.se\/hakir\/wp-content\/uploads\/sites\/23\/2026\/02\/Mall-Rehabiliteringsprogram.docx\" target=\"_blank\" rel=\"noopener\">Klicka h\u00e4r f\u00f6r att ladda ner dokumentet<\/a> (Word-format, 49 kB).<\/p>\n<h2>01 Dupuytren<\/h2>\n<p><strong>Rehabiliteringsprogram dupuytren, Region Stockholm 2022<\/strong><br \/>\n<a href=\"https:\/\/rcsyd.se\/hakir\/wp-content\/uploads\/sites\/23\/2026\/02\/Rehabiliteringsprogram-for-dupuytren-Region-Stockholm.pdf\" target=\"_blank\" rel=\"noopener\">Klicka h\u00e4r f\u00f6r att ladda ner dokumentet<\/a> (PDF-format, 32 kB)<\/p>\n<h2>02 Flexorsenskada<\/h2>\n<p><strong>Rehabiliteringsprogram f\u00f6r flexorsenskada, Region Link\u00f6ping 2022<\/strong><br \/>\n<a href=\"https:\/\/rcsyd.se\/hakir\/wp-content\/uploads\/sites\/23\/2026\/02\/Rehabiliteringsprogram-for-flexorsenskada-Region-Linkoping.pdf\" target=\"_blank\" rel=\"noopener\">Klicka h\u00e4r f\u00f6r att ladda ner dokumentet<\/a> (PDF-format, 121 kB).<\/p>\n<p><strong>Rehabiliteringsprogram f\u00f6r flexorsenskada, Region Malm\u00f6 2022<\/strong><br \/>\n<a href=\"https:\/\/rcsyd.se\/hakir\/wp-content\/uploads\/sites\/23\/2026\/02\/Rehabiliteringsprogram-for-flexorsenskada-Region-Malmo.pdf\" target=\"_blank\" rel=\"noopener\">Klicka h\u00e4r f\u00f6r att ladda ner dokumentet<\/a> (PDF-format, 179 kB).<\/p>\n<p><strong>Rehabiliteringsprogram f\u00f6r flexorsenskada, Region Stockholm 2022<\/strong><br \/>\n<a href=\"https:\/\/rcsyd.se\/hakir\/wp-content\/uploads\/sites\/23\/2026\/02\/Rehabiliteringsprogram-for-flexorsenskada-Region-Stockholm.pdf\" target=\"_blank\" rel=\"noopener\">Klicka h\u00e4r f\u00f6r att ladda ner dokumentet<\/a> (PDF-format, 269 kB).<\/p>\n<p><strong>Rehabiliteringsprogram f\u00f6r flexorsenskada, Region Ume\u00e5 2022<\/strong><br \/>\n<a href=\"https:\/\/rcsyd.se\/hakir\/wp-content\/uploads\/sites\/23\/2026\/02\/Rehabiliteringsprogram-for-flexorsenskada-Region-Umea.pdf\" target=\"_blank\" rel=\"noopener\">Klicka h\u00e4r f\u00f6r att ladda ner dokumentet<\/a> (PDF-format, 290 kB).<\/p>\n<p><strong>Rehabiliteringsprogram f\u00f6r flexorsenskada, Region Uppsala 2026<\/strong><\/p>\n<p><a href=\"https:\/\/rcsyd.se\/hakir\/wp-content\/uploads\/sites\/23\/2026\/03\/HAKIR-Rehabiliteringsprogram-for-flexorsenskada-FDP-FDS-FPL_-Region-Uppsala-2026.pdf\" target=\"_blank\" rel=\"noopener\">Klicka h\u00e4r f\u00f6r att ladda ned dokument\u00a0 <\/a>(PDF-format, 179 kB)<\/p>\n<h2>05 Tumbas<\/h2>\n<p><strong>Rehabiliteringsprogram f\u00f6r tumbasoperation, Region Sk\u00e5ne 2018<\/strong><br \/>\n<a href=\"https:\/\/rcsyd.se\/hakir\/wp-content\/uploads\/sites\/23\/2026\/02\/Rehabiliteringsprogram-for-tumbasoperation-Region-Skane.pdf\" target=\"_blank\" rel=\"noopener\">Klicka h\u00e4r f\u00f6r att ladda ner dokumentet<\/a> (PDF-format, 171 kB).<\/p>\n<p><strong>Rehabiliteringsprogram f\u00f6r tumbasoperation, Region Stockholm 2022<\/strong><br \/>\n<a href=\"https:\/\/rcsyd.se\/hakir\/wp-content\/uploads\/sites\/23\/2026\/02\/Rehabiliteringsprogram-for-tumbasoperation-Region-Stockholm.pdf\" target=\"_blank\" rel=\"noopener\">Klicka h\u00e4r f\u00f6r att ladda ner dokumentet<\/a> (PDF-format, 255 kB).<\/p>\n<p><strong>Rehabiliteringsprogram f\u00f6r tumbasoperation, Region V\u00e4sterbotten, Ume\u00e5 Universitetssjukhus 2023<\/strong><br \/>\n<a href=\"https:\/\/rcsyd.se\/hakir\/wp-content\/uploads\/sites\/23\/2026\/02\/Rehabiliteringsprogram-for-tumbasoperation-Region-Vasterbotten-Umea-Universitetssjukhus.pdf\" target=\"_blank\" rel=\"noopener\">Klicka h\u00e4r f\u00f6r att ladda ner dokumentet<\/a> (PDF-format, 260 kB).<\/p>\n<h2>06 Proteskirurgi<\/h2>\n<p><strong>Rehabiliteringsprogram f\u00f6r total handledsprotes (endoprotes), Region Sk\u00e5ne 2015<\/strong><br \/>\n<a href=\"https:\/\/rcsyd.se\/hakir\/wp-content\/uploads\/sites\/23\/2026\/02\/Rehabiliteringsprogram-for-total-handledsprotes-endoprotes-Region-Skane.pdf\" target=\"_blank\" rel=\"noopener\">Klicka h\u00e4r f\u00f6r att ladda ner dokumentet<\/a> (PDF-format, 127 kB).<\/p>\n<p><strong>Rehabiliteringsprogram f\u00f6r proteskirurgi MCP (metacarpofalangealled), Region Stockholm 2018<\/strong><br \/>\n<a href=\"https:\/\/rcsyd.se\/hakir\/wp-content\/uploads\/sites\/23\/2026\/02\/Rehabiliteringsprogram-for-proteskirurgi-MCP-Region-Stockholm.pdf\" target=\"_blank\" rel=\"noopener\">Klicka h\u00e4r f\u00f6r att ladda ner dokumentet<\/a> (PDF-format, 124 kB).<\/p>\n<p><strong>Rehabiliteringsprogram f\u00f6r proteskirurgi PIP (proximal interfalangealled), Region Stockholm 2018<\/strong><br \/>\n<a href=\"https:\/\/rcsyd.se\/hakir\/wp-content\/uploads\/sites\/23\/2026\/02\/Rehabiliteringsprogram-for-proteskirurgi-PIP-Region-Stockholm.pdf\" target=\"_blank\" rel=\"noopener\">Klicka h\u00e4r f\u00f6r att ladda ner dokumentet<\/a> (PDF-format, 124 kB).<\/p>\n<h2>07 Skafoideumkirurgi<\/h2>\n<p><strong>Rehabiliteringsprogram f\u00f6r skafoideumkirurgi, Region Stockholm 2015<\/strong><br \/>\n<a href=\"https:\/\/rcsyd.se\/hakir\/wp-content\/uploads\/sites\/23\/2026\/02\/Rehabiliteringsprogram-for-scaphoideumfraktur-Region-Stockholm.pdf\" target=\"_blank\" rel=\"noopener\">Klicka h\u00e4r f\u00f6r att ladda ner dokumentet<\/a> (PDF-format, 114 kB).<\/p>\n<h2>08 Interkarpal artrodes och PRC operation<\/h2>\n<p><strong>Rehabiliteringsprogram f\u00f6r intercarpal artrodes, Region Stockholm 2022<\/strong><br \/>\n<a href=\"https:\/\/rcsyd.se\/hakir\/wp-content\/uploads\/sites\/23\/2026\/02\/Rehabiliteringsprogram-for-intercarpal-artrodes-Region-Stockholm.pdf\" target=\"_blank\" rel=\"noopener\">Klicka h\u00e4r f\u00f6r att ladda ner dokumentet<\/a> (PDF-format, 111 kB).<\/p>\n","protected":false},"excerpt":{"rendered":"<p>Rehabiliteringsprogram P\u00e5 denna sida samlar vi alla deltagande enheters aktuella rehabiliteringsprogram f\u00f6r ut\u00f6kade diagnoser. Inventering av rehabiliteringsprogram F\u00f6r att kunna hj\u00e4lpas \u00e5t i arbetet med framtagandet av rehabiliteringsprogram har vi gjort en inventering av vilka rehabiliteringsprogram som respektive enhet har idag. Inventeringen revideras kontinuerligt. Klicka h\u00e4r f\u00f6r att ladda ner dokumentet (PDF-format, 313 kB). Mall&#8230; <a class=\"read-more\" href=\"https:\/\/rcsyd.se\/hakir\/registrering\/nationella-matmanualer-och-rehabiliteringsdokument\/rehabiliteringsprogram\">L\u00e4s mer<\/a><\/p>\n","protected":false},"author":3,"featured_media":0,"parent":4366,"menu_order":0,"comment_status":"closed","ping_status":"closed","template":"","meta":{"_acf_changed":false,"footnotes":""},"acf":[],"_links":{"self":[{"href":"https:\/\/rcsyd.se\/hakir\/wp-json\/wp\/v2\/pages\/4450"}],"collection":[{"href":"https:\/\/rcsyd.se\/hakir\/wp-json\/wp\/v2\/pages"}],"about":[{"href":"https:\/\/rcsyd.se\/hakir\/wp-json\/wp\/v2\/types\/page"}],"author":[{"embeddable":true,"href":"https:\/\/rcsyd.se\/hakir\/wp-json\/wp\/v2\/users\/3"}],"replies":[{"embeddable":true,"href":"https:\/\/rcsyd.se\/hakir\/wp-json\/wp\/v2\/comments?post=4450"}],"version-history":[{"count":15,"href":"https:\/\/rcsyd.se\/hakir\/wp-json\/wp\/v2\/pages\/4450\/revisions"}],"predecessor-version":[{"id":4736,"href":"https:\/\/rcsyd.se\/hakir\/wp-json\/wp\/v2\/pages\/4450\/revisions\/4736"}],"up":[{"embeddable":true,"href":"https:\/\/rcsyd.se\/hakir\/wp-json\/wp\/v2\/pages\/4366"}],"wp:attachment":[{"href":"https:\/\/rcsyd.se\/hakir\/wp-json\/wp\/v2\/media?parent=4450"}],"curies":[{"name":"wp","href":"https:\/\/api.w.org\/{rel}","templated":true}]}}