{"id":3507,"date":"2023-02-15T09:05:21","date_gmt":"2023-02-15T09:05:21","guid":{"rendered":"https:\/\/rcsyd.se\/cornea\/?page_id=3507"},"modified":"2025-02-05T14:03:34","modified_gmt":"2025-02-05T14:03:34","slug":"styrgrupp","status":"publish","type":"page","link":"https:\/\/rcsyd.se\/cornea\/om-svenska-cornearegistret\/styrgrupp","title":{"rendered":"Styrgrupp"},"content":{"rendered":"<h1>Styrgrupp<\/h1>\n<h2>Registerh\u00e5llare<\/h2>\n<p><strong>Branka Samolov<\/strong><br \/>\nMedicine doktor, filosofie doktor och \u00f6verl\u00e4kare, S:t Eriks \u00d6gonsjukhus, Stockholm<\/p>\n<h2>\u00d6vriga styrgruppsmedlemmar<\/h2>\n<p><strong>Berit Bystr\u00f6m<\/strong><br \/>\nDocent, \u00f6verl\u00e4kare, \u00f6gonkliniken Norrlands universitetssjukhus, Ume\u00e5<\/p>\n<p><strong>Jesper Hjortdal<\/strong><br \/>\nProfessor, \u00f6verl\u00e4kare, \u00f8jenafdelingen Aarhus Universitetshospital NBG, \u00c5rhus<\/p>\n<p><strong>Wolf Wonneberger<\/strong><br \/>\n\u00d6verl\u00e4kare, \u00f6gonkliniken Sahlgrenska universitetssjukhuset, M\u00f6lndal<\/p>\n<h2>Adjungerade ledam\u00f6ter<\/h2>\n<p><strong>Per Montan<\/strong><br \/>\nDocent och \u00f6verl\u00e4kare, S:t Eriks \u00d6gonsjukhus, Stockholm<\/p>\n","protected":false},"excerpt":{"rendered":"<p>Styrgrupp Registerh\u00e5llare Branka Samolov Medicine doktor, filosofie doktor och \u00f6verl\u00e4kare, S:t Eriks \u00d6gonsjukhus, Stockholm \u00d6vriga styrgruppsmedlemmar Berit Bystr\u00f6m Docent, \u00f6verl\u00e4kare, \u00f6gonkliniken Norrlands universitetssjukhus, Ume\u00e5 Jesper Hjortdal Professor, \u00f6verl\u00e4kare, \u00f8jenafdelingen Aarhus Universitetshospital NBG, \u00c5rhus Wolf Wonneberger \u00d6verl\u00e4kare, \u00f6gonkliniken Sahlgrenska universitetssjukhuset, M\u00f6lndal Adjungerade ledam\u00f6ter Per Montan Docent och \u00f6verl\u00e4kare, S:t Eriks \u00d6gonsjukhus, Stockholm<\/p>\n","protected":false},"author":3,"featured_media":0,"parent":3503,"menu_order":0,"comment_status":"closed","ping_status":"closed","template":"","meta":{"_acf_changed":false,"footnotes":""},"acf":[],"_links":{"self":[{"href":"https:\/\/rcsyd.se\/cornea\/wp-json\/wp\/v2\/pages\/3507"}],"collection":[{"href":"https:\/\/rcsyd.se\/cornea\/wp-json\/wp\/v2\/pages"}],"about":[{"href":"https:\/\/rcsyd.se\/cornea\/wp-json\/wp\/v2\/types\/page"}],"author":[{"embeddable":true,"href":"https:\/\/rcsyd.se\/cornea\/wp-json\/wp\/v2\/users\/3"}],"replies":[{"embeddable":true,"href":"https:\/\/rcsyd.se\/cornea\/wp-json\/wp\/v2\/comments?post=3507"}],"version-history":[{"count":2,"href":"https:\/\/rcsyd.se\/cornea\/wp-json\/wp\/v2\/pages\/3507\/revisions"}],"predecessor-version":[{"id":3591,"href":"https:\/\/rcsyd.se\/cornea\/wp-json\/wp\/v2\/pages\/3507\/revisions\/3591"}],"up":[{"embeddable":true,"href":"https:\/\/rcsyd.se\/cornea\/wp-json\/wp\/v2\/pages\/3503"}],"wp:attachment":[{"href":"https:\/\/rcsyd.se\/cornea\/wp-json\/wp\/v2\/media?parent=3507"}],"curies":[{"name":"wp","href":"https:\/\/api.w.org\/{rel}","templated":true}]}}