{"id":349,"date":"2017-02-15T09:05:42","date_gmt":"2017-02-15T09:05:42","guid":{"rendered":"https:\/\/rcsyd.se\/ambureg\/?page_id=349"},"modified":"2025-05-13T08:36:10","modified_gmt":"2025-05-13T08:36:10","slug":"styrgrupp","status":"publish","type":"page","link":"https:\/\/rcsyd.se\/ambureg\/om-ambureg\/styrgrupp","title":{"rendered":"Styrgrupp"},"content":{"rendered":"<h1>Styrgrupp<\/h1>\n<p>Bland styrgruppens medlemmar finns ett flertal med m\u00e5ng\u00e5rig erfarenhet och kompetens g\u00e4llande registerarbete. I de fall d\u00e4r kompetens saknas f\u00e5r Ambulansregistret st\u00f6d av Registercentrum Syd till vilka man \u00e4r knutna.<\/p>\n<h2>Registerh\u00e5llare<\/h2>\n<p><strong>H\u00e5kan Klementsson<\/strong><br \/>\nAkutl\u00e4kare och medicine doktor<br \/>\nRegion Sk\u00e5ne<br \/>\nE-post: <a href=\"mailto:hakan.klementsson@skane.se\">hakan.klementsson@skane.se<\/a><br \/>\nTelefon: 070-588 51 37<\/p>\n<h2>Bitr\u00e4dande registerh\u00e5llare<\/h2>\n<p><strong>Glenn Larsson<\/strong><br \/>\nAmbulanssjuksk\u00f6terska och doktor i medicinsk vetenskap<br \/>\nPICTA Lindholmen Science Park, G\u00f6teborg<br \/>\nE-post: <a href=\"mailto:glenn.larsson@lindholmen.se\">glenn.larsson@lindholmen.se<\/a><br \/>\nTelefon: 070-843 64 67<\/p>\n<h2>\u00d6vriga styrgruppsmedlemmar<\/h2>\n<p><strong>Anders Sandvik<\/strong><br \/>\nAmbulanssjuksk\u00f6terska och verksamhetsutvecklare<br \/>\nRegion V\u00e4stmanland<\/p>\n<p><strong>Christer Axelsson<\/strong><br \/>\nAmbulanssjuksk\u00f6terska och professor emeritus<br \/>\nH\u00f6gskolan Bor\u00e5s<br \/>\nE-post: <a href=\"mailto:krister.pg.axelsson@gmail.com\" target=\"_blank\" rel=\"noopener\">krister.pg.axelsson@gmail.com<\/a><\/p>\n<p><strong>Hans Blomberg<\/strong><br \/>\nMedicine doktor, anestesiolog och verksamhetschef<br \/>\nRegion Uppsala<\/p>\n<p><strong>Johan Herlitz<\/strong><br \/>\nKardiolog och professor, tidigare registerh\u00e5llare Svenska Hj\u00e4rt-lungr\u00e4ddningsregistret<br \/>\nH\u00f6gskolan Bor\u00e5s<\/p>\n<p><strong>Per \u00d6rninge<\/strong><br \/>\nAnestesiolog och medicinskt ledningsansvarig larmcentral<br \/>\nV\u00e4stra G\u00f6talandsregionen<\/p>\n<p><strong>Stig Holmberg<\/strong><br \/>\nAmbulanssjukv\u00e5rdare och verksamhetschef ambulanssjukv\u00e5rden<br \/>\nRegion Norrbotten<\/p>\n<p><strong>Thomas Blomberg<\/strong><br \/>\nAnestesiolog<\/p>\n<h2>Patientrepresentant<\/h2>\n<p><strong>Carina Mattiasson<\/strong><br \/>\nUtsedd av Neurof\u00f6rbundet<\/p>\n","protected":false},"excerpt":{"rendered":"<p>Styrgrupp Bland styrgruppens medlemmar finns ett flertal med m\u00e5ng\u00e5rig erfarenhet och kompetens g\u00e4llande registerarbete. I de fall d\u00e4r kompetens saknas f\u00e5r Ambulansregistret st\u00f6d av Registercentrum Syd till vilka man \u00e4r knutna. Registerh\u00e5llare H\u00e5kan Klementsson Akutl\u00e4kare och medicine doktor Region Sk\u00e5ne E-post: hakan.klementsson@skane.se Telefon: 070-588 51 37 Bitr\u00e4dande registerh\u00e5llare Glenn Larsson Ambulanssjuksk\u00f6terska och doktor i medicinsk&#8230; <a class=\"read-more\" href=\"https:\/\/rcsyd.se\/ambureg\/om-ambureg\/styrgrupp\">L\u00e4s mer<\/a><\/p>\n","protected":false},"author":3,"featured_media":0,"parent":363,"menu_order":0,"comment_status":"open","ping_status":"open","template":"","meta":{"_acf_changed":false,"footnotes":""},"acf":[],"_links":{"self":[{"href":"https:\/\/rcsyd.se\/ambureg\/wp-json\/wp\/v2\/pages\/349"}],"collection":[{"href":"https:\/\/rcsyd.se\/ambureg\/wp-json\/wp\/v2\/pages"}],"about":[{"href":"https:\/\/rcsyd.se\/ambureg\/wp-json\/wp\/v2\/types\/page"}],"author":[{"embeddable":true,"href":"https:\/\/rcsyd.se\/ambureg\/wp-json\/wp\/v2\/users\/3"}],"replies":[{"embeddable":true,"href":"https:\/\/rcsyd.se\/ambureg\/wp-json\/wp\/v2\/comments?post=349"}],"version-history":[{"count":69,"href":"https:\/\/rcsyd.se\/ambureg\/wp-json\/wp\/v2\/pages\/349\/revisions"}],"predecessor-version":[{"id":3446,"href":"https:\/\/rcsyd.se\/ambureg\/wp-json\/wp\/v2\/pages\/349\/revisions\/3446"}],"up":[{"embeddable":true,"href":"https:\/\/rcsyd.se\/ambureg\/wp-json\/wp\/v2\/pages\/363"}],"wp:attachment":[{"href":"https:\/\/rcsyd.se\/ambureg\/wp-json\/wp\/v2\/media?parent=349"}],"curies":[{"name":"wp","href":"https:\/\/api.w.org\/{rel}","templated":true}]}}